{"id":318,"date":"2020-10-18T06:49:40","date_gmt":"2020-10-18T06:49:40","guid":{"rendered":"http:\/\/salesianmissions.hu\/voluntary\/?page_id=318"},"modified":"2023-02-14T23:03:42","modified_gmt":"2023-02-14T23:03:42","slug":"aktualis","status":"publish","type":"page","link":"https:\/\/salesianmissions.hu\/voluntary\/aktualis\/","title":{"rendered":"Aktu\u00e1lis k\u00fcldet\u00e9sek"},"content":{"rendered":"\n<p>H\u00e1rom mark\u00e1nsan k\u00fcl\u00f6nb\u00f6z\u0151 k\u00fcldet\u00e9sre keres\u00fcnk \u00e9s k\u00e9sz\u00edt\u00fcnk fel Szal\u00e9zi Misszi\u00f3s \u00d6nk\u00e9ntest:<\/p>\n\n\n\n<p><\/p>\n\n\n\n<h3><a href=\"http:\/\/salesianmissions.hu\/voluntary\/ifjusagi-talalkozo\/\" data-type=\"page\" data-id=\"469\">Ifjus\u00e1gi tal\u00e1lkoz\u00f3<\/a>n<\/h3>\n\n\n\n<p> val\u00f3 r\u00e9szv\u00e9telre h\u00edvunk, ha 15-20 \u00e9ves vagy, sz\u00edvesen kipr\u00f3b\u00e1ln\u00e1d magad nemzetk\u00f6zi k\u00f6zegben, szeretn\u00e9d elm\u00e9ly\u00edteni a tud\u00e1sod a Szal\u00e9ziakr\u00f3l,  Misszi\u00f3s munk\u00e1r\u00f3l, \u00d6nk\u00e9ntess\u00e9gr\u0151l.<\/p>\n\n\n\n<p><\/p>\n\n\n\n<h3><a href=\"http:\/\/salesianmissions.hu\/voluntary\/rovid-kuldetes\/\" data-type=\"page\" data-id=\"324\">R\u00f6vid k\u00fcldet\u00e9s<\/a>re<\/h3>\n\n\n\n<p>b\u00e1tor\u00edtunk, ha m\u00e1r elm\u00falt\u00e1l 18, tele vagy energi\u00e1val, sz\u00edvesen k\u00e9sz\u00fcln\u00e9l fel egy intenz\u00edv 1-2 h\u00f3napos ak\u00e1r Eur\u00f3p\u00e1n k\u00edv\u00fcli \u00d6nk\u00e9ntes Munk\u00e1ra!<\/p>\n\n\n\n<p><\/p>\n\n\n\n<h3><a href=\"http:\/\/salesianmissions.hu\/voluntary\/hosszu-kuldetes\/\" data-type=\"page\" data-id=\"331\">Hossz\u00fa k\u00fcldet\u00e9s<\/a>re<\/h3>\n\n\n\n<p>jelentkezz, ha f\u00e9l, egy, vagy ak\u00e1r k\u00e9t \u00e9vet is elt\u00f6lten\u00e9l egy t\u00e1voli orsz\u00e1gban, hogy a fogad\u00f3 szal\u00e9zi k\u00f6z\u00f6ss\u00e9ggel, seg\u00edts a r\u00e1tok b\u00edzott fiatalokon \u00e9s k\u00f6zben te magad is rengeteget fejl\u0151dj!<\/p>\n\n\n\n<hr class=\"wp-block-separator has-css-opacity\"\/>\n\n\n<ul class=\"wp-block-latest-posts__list is-grid columns-3 aligncenter wp-block-latest-posts\"><li><div class=\"wp-block-latest-posts__featured-image aligncenter\"><a href=\"https:\/\/salesianmissions.hu\/voluntary\/2024\/01\/11\/onkentes-lehetosegek-szloveniaban\/\" aria-label=\"\u00d6nk\u00e9ntes lehet\u0151s\u00e9gek Szlov\u00e9ni\u00e1ban\"><img width=\"300\" height=\"300\" src=\"https:\/\/salesianmissions.hu\/voluntary\/wp-content\/uploads\/2024\/01\/Purple-Volunteer-Recruitment-Flyer-300x300.png\" class=\"attachment-medium size-medium wp-post-image\" alt=\"\" decoding=\"async\" loading=\"lazy\" style=\"\" srcset=\"https:\/\/salesianmissions.hu\/voluntary\/wp-content\/uploads\/2024\/01\/Purple-Volunteer-Recruitment-Flyer-300x300.png 300w, https:\/\/salesianmissions.hu\/voluntary\/wp-content\/uploads\/2024\/01\/Purple-Volunteer-Recruitment-Flyer-150x150.png 150w, https:\/\/salesianmissions.hu\/voluntary\/wp-content\/uploads\/2024\/01\/Purple-Volunteer-Recruitment-Flyer-800x800.png 800w\" sizes=\"(max-width: 300px) 100vw, 300px\" \/><\/a><\/div><a class=\"wp-block-latest-posts__post-title\" href=\"https:\/\/salesianmissions.hu\/voluntary\/2024\/01\/11\/onkentes-lehetosegek-szloveniaban\/\">\u00d6nk\u00e9ntes lehet\u0151s\u00e9gek Szlov\u00e9ni\u00e1ban<\/a><div class=\"wp-block-latest-posts__post-excerpt\">Csatlakozz a szlov\u00e9n szal\u00e9zi k\u00f6z\u00f6ss\u00e9ghez egy \u00e9vre vagy 3 h\u00f3napra! 2024-t\u0151l a szlov\u00e9n Szal\u00e9ziakkal is<\/div><\/li>\n<li><div class=\"wp-block-latest-posts__featured-image aligncenter\"><a href=\"https:\/\/salesianmissions.hu\/voluntary\/2024\/01\/11\/ghanai-misszio\/\" aria-label=\"Gh\u00e1nai Misszi\u00f3\"><img width=\"300\" height=\"300\" src=\"https:\/\/salesianmissions.hu\/voluntary\/wp-content\/uploads\/2024\/01\/IMG-20230620-WA0014-1-300x300.jpg\" class=\"attachment-medium size-medium wp-post-image\" alt=\"\" decoding=\"async\" loading=\"lazy\" style=\"\" srcset=\"https:\/\/salesianmissions.hu\/voluntary\/wp-content\/uploads\/2024\/01\/IMG-20230620-WA0014-1-300x300.jpg 300w, https:\/\/salesianmissions.hu\/voluntary\/wp-content\/uploads\/2024\/01\/IMG-20230620-WA0014-1-150x150.jpg 150w, https:\/\/salesianmissions.hu\/voluntary\/wp-content\/uploads\/2024\/01\/IMG-20230620-WA0014-1-800x800.jpg 800w\" sizes=\"(max-width: 300px) 100vw, 300px\" \/><\/a><\/div><a class=\"wp-block-latest-posts__post-title\" href=\"https:\/\/salesianmissions.hu\/voluntary\/2024\/01\/11\/ghanai-misszio\/\">Gh\u00e1nai Misszi\u00f3<\/a><div class=\"wp-block-latest-posts__post-excerpt\">R\u00e9gi nagy \u00e1lmom, v\u00e1gyam volt Afrika, mindig is \u00e9reztem \u00e9s tudtam, hogy nekem el kell<\/div><\/li>\n<li><div class=\"wp-block-latest-posts__featured-image aligncenter\"><a href=\"https:\/\/salesianmissions.hu\/voluntary\/2024\/01\/11\/misszios-onkentesseg-a-savio-hazban\/\" aria-label=\"Misszi\u00f3s \u00d6nk\u00e9ntess\u00e9g a Savio H\u00e1zban\"><img width=\"300\" height=\"300\" src=\"https:\/\/salesianmissions.hu\/voluntary\/wp-content\/uploads\/2024\/01\/IMG-20220922-WA0000-300x300.jpg\" class=\"attachment-medium size-medium wp-post-image\" alt=\"\" decoding=\"async\" loading=\"lazy\" style=\"\" srcset=\"https:\/\/salesianmissions.hu\/voluntary\/wp-content\/uploads\/2024\/01\/IMG-20220922-WA0000-300x300.jpg 300w, https:\/\/salesianmissions.hu\/voluntary\/wp-content\/uploads\/2024\/01\/IMG-20220922-WA0000-1024x1024.jpg 1024w, https:\/\/salesianmissions.hu\/voluntary\/wp-content\/uploads\/2024\/01\/IMG-20220922-WA0000-150x150.jpg 150w, https:\/\/salesianmissions.hu\/voluntary\/wp-content\/uploads\/2024\/01\/IMG-20220922-WA0000-768x768.jpg 768w, https:\/\/salesianmissions.hu\/voluntary\/wp-content\/uploads\/2024\/01\/IMG-20220922-WA0000-800x800.jpg 800w, https:\/\/salesianmissions.hu\/voluntary\/wp-content\/uploads\/2024\/01\/IMG-20220922-WA0000.jpg 1080w\" sizes=\"(max-width: 300px) 100vw, 300px\" \/><\/a><\/div><a class=\"wp-block-latest-posts__post-title\" href=\"https:\/\/salesianmissions.hu\/voluntary\/2024\/01\/11\/misszios-onkentesseg-a-savio-hazban\/\">Misszi\u00f3s \u00d6nk\u00e9ntess\u00e9g a Savio H\u00e1zban<\/a><div class=\"wp-block-latest-posts__post-excerpt\">M\u00e1r 3 h\u00f3napja, hogy elkezdtem a szal\u00e9zi misszi\u00f3s \u00f6nk\u00e9ntesk\u00e9det a Savio H\u00e1zban, Angli\u00e1ban. Hihetetlen, hogy<\/div><\/li>\n<li><div class=\"wp-block-latest-posts__featured-image aligncenter\"><a href=\"https:\/\/salesianmissions.hu\/voluntary\/2024\/01\/11\/onkentes-ev-angliaban\/\" aria-label=\"\u00d6NK\u00c9NTES \u00c9V ANGLI\u00c1BAN\"><img width=\"300\" height=\"300\" src=\"https:\/\/salesianmissions.hu\/voluntary\/wp-content\/uploads\/2024\/01\/Green-Red-Volunter-Need-Flyer-300x300.png\" class=\"attachment-medium size-medium wp-post-image\" alt=\"\" decoding=\"async\" loading=\"lazy\" style=\"\" srcset=\"https:\/\/salesianmissions.hu\/voluntary\/wp-content\/uploads\/2024\/01\/Green-Red-Volunter-Need-Flyer-300x300.png 300w, https:\/\/salesianmissions.hu\/voluntary\/wp-content\/uploads\/2024\/01\/Green-Red-Volunter-Need-Flyer-150x150.png 150w, https:\/\/salesianmissions.hu\/voluntary\/wp-content\/uploads\/2024\/01\/Green-Red-Volunter-Need-Flyer-800x800.png 800w\" sizes=\"(max-width: 300px) 100vw, 300px\" \/><\/a><\/div><a class=\"wp-block-latest-posts__post-title\" href=\"https:\/\/salesianmissions.hu\/voluntary\/2024\/01\/11\/onkentes-ev-angliaban\/\">\u00d6NK\u00c9NTES \u00c9V ANGLI\u00c1BAN<\/a><div class=\"wp-block-latest-posts__post-excerpt\">T\u00f6lts egy \u00e9vet Angli\u00e1ban a Savio H\u00e1zban! \u201eLelkigyakorlatos k\u00f6zpontunk \u00e9vente t\u00f6bb mint 2000 fiatalt fogad<\/div><\/li>\n<li><div class=\"wp-block-latest-posts__featured-image aligncenter\"><a href=\"https:\/\/salesianmissions.hu\/voluntary\/2024\/01\/11\/onkentes-ev-klagenfurtban-2\/\" aria-label=\"\u00d6nk\u00e9ntes \u00e9v Klagenfurtban\"><img width=\"300\" height=\"300\" src=\"https:\/\/salesianmissions.hu\/voluntary\/wp-content\/uploads\/2024\/01\/Blue-and-White-Modern-Volunteers-Needed-Flyer-1-300x300.png\" class=\"attachment-medium size-medium wp-post-image\" alt=\"\" decoding=\"async\" loading=\"lazy\" style=\"\" srcset=\"https:\/\/salesianmissions.hu\/voluntary\/wp-content\/uploads\/2024\/01\/Blue-and-White-Modern-Volunteers-Needed-Flyer-1-300x300.png 300w, https:\/\/salesianmissions.hu\/voluntary\/wp-content\/uploads\/2024\/01\/Blue-and-White-Modern-Volunteers-Needed-Flyer-1-150x150.png 150w, https:\/\/salesianmissions.hu\/voluntary\/wp-content\/uploads\/2024\/01\/Blue-and-White-Modern-Volunteers-Needed-Flyer-1-800x800.png 800w\" sizes=\"(max-width: 300px) 100vw, 300px\" \/><\/a><\/div><a class=\"wp-block-latest-posts__post-title\" href=\"https:\/\/salesianmissions.hu\/voluntary\/2024\/01\/11\/onkentes-ev-klagenfurtban-2\/\">\u00d6nk\u00e9ntes \u00e9v Klagenfurtban<\/a><div class=\"wp-block-latest-posts__post-excerpt\">T\u00f6lts egy \u00e9vet Szal\u00e9zi Misszi\u00f3s \u00d6nk\u00e9ntesk\u00e9nt Klagenfurtban! MIK LESZNEK A FELDATAID? HOGYAN JELENTKEZHETSZ? MIRE SZ\u00c1M\u00cdTHATSZ?<\/div><\/li>\n<li><div class=\"wp-block-latest-posts__featured-image aligncenter\"><a href=\"https:\/\/salesianmissions.hu\/voluntary\/2024\/01\/04\/tavaszi-klagenfurti-tabor\/\" aria-label=\"Gyere te is a Klagenfurti t\u00e1borba id\u00e9n tavasszal!\"><img width=\"300\" height=\"300\" src=\"https:\/\/salesianmissions.hu\/voluntary\/wp-content\/uploads\/2024\/01\/tavasz-klagenfurt-300x300.png\" class=\"attachment-medium size-medium wp-post-image\" alt=\"\" decoding=\"async\" loading=\"lazy\" style=\"\" srcset=\"https:\/\/salesianmissions.hu\/voluntary\/wp-content\/uploads\/2024\/01\/tavasz-klagenfurt-300x300.png 300w, https:\/\/salesianmissions.hu\/voluntary\/wp-content\/uploads\/2024\/01\/tavasz-klagenfurt-150x150.png 150w, https:\/\/salesianmissions.hu\/voluntary\/wp-content\/uploads\/2024\/01\/tavasz-klagenfurt-800x800.png 800w\" sizes=\"(max-width: 300px) 100vw, 300px\" \/><\/a><\/div><a class=\"wp-block-latest-posts__post-title\" href=\"https:\/\/salesianmissions.hu\/voluntary\/2024\/01\/04\/tavaszi-klagenfurti-tabor\/\">Gyere te is a Klagenfurti t\u00e1borba id\u00e9n tavasszal!<\/a><div class=\"wp-block-latest-posts__post-excerpt\">A jelentkez\u00e9st meghosszabb\u00edtottuk janu\u00e1r 15-ig, ne maradj le!;) Emailben v\u00e1rjuk a jelentkez\u00e9sedet, h\u00edvj egy bar\u00e1tot<\/div><\/li>\n<li><div class=\"wp-block-latest-posts__featured-image aligncenter\"><a href=\"https:\/\/salesianmissions.hu\/voluntary\/2023\/11\/30\/cagliero-11-2023-november-179-szam\/\" aria-label=\"Cagliero 11- 2023 november- 179. sz\u00e1m\"><img width=\"300\" height=\"300\" src=\"https:\/\/salesianmissions.hu\/voluntary\/wp-content\/uploads\/2023\/11\/image-2-300x300.png\" class=\"attachment-medium size-medium wp-post-image\" alt=\"\" decoding=\"async\" loading=\"lazy\" style=\"\" srcset=\"https:\/\/salesianmissions.hu\/voluntary\/wp-content\/uploads\/2023\/11\/image-2-300x300.png 300w, https:\/\/salesianmissions.hu\/voluntary\/wp-content\/uploads\/2023\/11\/image-2-150x150.png 150w, https:\/\/salesianmissions.hu\/voluntary\/wp-content\/uploads\/2023\/11\/image-2-800x800.png 800w\" sizes=\"(max-width: 300px) 100vw, 300px\" \/><\/a><\/div><a class=\"wp-block-latest-posts__post-title\" href=\"https:\/\/salesianmissions.hu\/voluntary\/2023\/11\/30\/cagliero-11-2023-november-179-szam\/\">Cagliero 11- 2023 november- 179. sz\u00e1m<\/a><div class=\"wp-block-latest-posts__post-excerpt\">Kedves Bar\u00e1taim! \u00dcdv\u00f6zlet M\u00e1lt\u00e1r\u00f3l. Eur\u00f3pa t\u00f6rt\u00e9nelm\u00e9ben M\u00e1lta sz\u00e1mos hatalom keresztez\u0151d\u00e9s\u00e9ben \u00e1llt, amelyek 1964-ig, a f\u00fcggetlens\u00e9g\u00fcnk<\/div><\/li>\n<li><div class=\"wp-block-latest-posts__featured-image aligncenter\"><a href=\"https:\/\/salesianmissions.hu\/voluntary\/2023\/11\/30\/cagliero-11-2023-oktober-178-szam\/\" aria-label=\"Cagliero 11- 2023 okt\u00f3ber- 178.sz\u00e1m\"><img width=\"300\" height=\"300\" src=\"https:\/\/salesianmissions.hu\/voluntary\/wp-content\/uploads\/2023\/11\/image-1-300x300.png\" class=\"attachment-medium size-medium wp-post-image\" alt=\"\" decoding=\"async\" loading=\"lazy\" style=\"\" srcset=\"https:\/\/salesianmissions.hu\/voluntary\/wp-content\/uploads\/2023\/11\/image-1-300x300.png 300w, https:\/\/salesianmissions.hu\/voluntary\/wp-content\/uploads\/2023\/11\/image-1-150x150.png 150w\" sizes=\"(max-width: 300px) 100vw, 300px\" \/><\/a><\/div><a class=\"wp-block-latest-posts__post-title\" href=\"https:\/\/salesianmissions.hu\/voluntary\/2023\/11\/30\/cagliero-11-2023-oktober-178-szam\/\">Cagliero 11- 2023 okt\u00f3ber- 178.sz\u00e1m<\/a><div class=\"wp-block-latest-posts__post-excerpt\">Kedves bar\u00e1taim! A b\u00e9ke \u00fcdv\u00f6zlet\u00e9t k\u00fcld\u00f6m Kambodzs\u00e1b\u00f3l! K\u00f6zben Szent P\u00e1l szavai jutnak eszembe az 1Kor<\/div><\/li>\n<li><div class=\"wp-block-latest-posts__featured-image aligncenter\"><a href=\"https:\/\/salesianmissions.hu\/voluntary\/2023\/05\/11\/kuldetes-fulpmesben\/\" aria-label=\"K\u00fcldet\u00e9s Fulpmesben\"><img width=\"300\" height=\"300\" src=\"https:\/\/salesianmissions.hu\/voluntary\/wp-content\/uploads\/2023\/05\/Fulpmes-1-300x300.png\" class=\"attachment-medium size-medium wp-post-image\" alt=\"\" decoding=\"async\" loading=\"lazy\" style=\"\" srcset=\"https:\/\/salesianmissions.hu\/voluntary\/wp-content\/uploads\/2023\/05\/Fulpmes-1-300x300.png 300w, https:\/\/salesianmissions.hu\/voluntary\/wp-content\/uploads\/2023\/05\/Fulpmes-1-150x150.png 150w, https:\/\/salesianmissions.hu\/voluntary\/wp-content\/uploads\/2023\/05\/Fulpmes-1-800x800.png 800w\" sizes=\"(max-width: 300px) 100vw, 300px\" \/><\/a><\/div><a class=\"wp-block-latest-posts__post-title\" href=\"https:\/\/salesianmissions.hu\/voluntary\/2023\/05\/11\/kuldetes-fulpmesben\/\">K\u00fcldet\u00e9s Fulpmesben<\/a><div class=\"wp-block-latest-posts__post-excerpt\">Legy\u00e9l misszi\u00f3s \u00f6nk\u00e9ntes a Don Bosco Koll\u00e9giumban Fulpmesben! Id\u0151szak 2023 szeptember- 2024 j\u00fanius Helysz\u00edn Don<\/div><\/li>\n<li><div class=\"wp-block-latest-posts__featured-image aligncenter\"><a href=\"https:\/\/salesianmissions.hu\/voluntary\/2023\/02\/15\/onkentesseg-az-egyesult-kiralysagban\/\" aria-label=\"Join the TEAM in Bollington\"><img width=\"300\" height=\"300\" src=\"https:\/\/salesianmissions.hu\/voluntary\/wp-content\/uploads\/2023\/02\/7-300x300.jpg\" class=\"attachment-medium size-medium wp-post-image\" alt=\"\" decoding=\"async\" loading=\"lazy\" style=\"\" srcset=\"https:\/\/salesianmissions.hu\/voluntary\/wp-content\/uploads\/2023\/02\/7-300x300.jpg 300w, https:\/\/salesianmissions.hu\/voluntary\/wp-content\/uploads\/2023\/02\/7-150x150.jpg 150w\" sizes=\"(max-width: 300px) 100vw, 300px\" \/><\/a><\/div><a class=\"wp-block-latest-posts__post-title\" href=\"https:\/\/salesianmissions.hu\/voluntary\/2023\/02\/15\/onkentesseg-az-egyesult-kiralysagban\/\">Join the TEAM in Bollington<\/a><div class=\"wp-block-latest-posts__post-excerpt\">\u00d6nk\u00e9ntes \u00e9v az Egyes\u00fclt Kir\u00e1lys\u00e1gban Savio House 2023-2024 Hossz\u00fa t\u00e1v\u00fa k\u00fcldet\u00e9s a Bollingtoni Savio House<\/div><\/li>\n<li><div class=\"wp-block-latest-posts__featured-image aligncenter\"><a href=\"https:\/\/salesianmissions.hu\/voluntary\/2023\/02\/13\/onkentes-ev-klagenfurtban\/\" aria-label=\"\u00d6nk\u00e9ntes \u00e9v Klagenfurtban\"><img width=\"300\" height=\"300\" src=\"https:\/\/salesianmissions.hu\/voluntary\/wp-content\/uploads\/2022\/08\/onkentesev_ausztria-300x300.png\" class=\"attachment-medium size-medium wp-post-image\" alt=\"\" decoding=\"async\" loading=\"lazy\" style=\"\" srcset=\"https:\/\/salesianmissions.hu\/voluntary\/wp-content\/uploads\/2022\/08\/onkentesev_ausztria-300x300.png 300w, https:\/\/salesianmissions.hu\/voluntary\/wp-content\/uploads\/2022\/08\/onkentesev_ausztria-150x150.png 150w\" sizes=\"(max-width: 300px) 100vw, 300px\" \/><\/a><\/div><a class=\"wp-block-latest-posts__post-title\" href=\"https:\/\/salesianmissions.hu\/voluntary\/2023\/02\/13\/onkentes-ev-klagenfurtban\/\">\u00d6nk\u00e9ntes \u00e9v Klagenfurtban<\/a><div class=\"wp-block-latest-posts__post-excerpt\">Legy\u00e9l te egy \u00e9vig a klagenfurti Pfarre St Josef in Siebenhuegel \u00f6nk\u00e9ntese! Id\u0151szak 2023 szeptembert\u0151l<\/div><\/li>\n<li><div class=\"wp-block-latest-posts__featured-image aligncenter\"><a href=\"https:\/\/salesianmissions.hu\/voluntary\/2023\/02\/13\/religions4future-youth-exchange\/\" aria-label=\"Religions4future &#8211; youth exchange\"><img width=\"300\" height=\"300\" src=\"https:\/\/salesianmissions.hu\/voluntary\/wp-content\/uploads\/2023\/02\/Religions-300x300.jpg\" class=\"attachment-medium size-medium wp-post-image\" alt=\"\" decoding=\"async\" loading=\"lazy\" style=\"\" srcset=\"https:\/\/salesianmissions.hu\/voluntary\/wp-content\/uploads\/2023\/02\/Religions-300x300.jpg 300w, https:\/\/salesianmissions.hu\/voluntary\/wp-content\/uploads\/2023\/02\/Religions-150x150.jpg 150w, https:\/\/salesianmissions.hu\/voluntary\/wp-content\/uploads\/2023\/02\/Religions.jpg 324w\" sizes=\"(max-width: 300px) 100vw, 300px\" \/><\/a><\/div><a class=\"wp-block-latest-posts__post-title\" href=\"https:\/\/salesianmissions.hu\/voluntary\/2023\/02\/13\/religions4future-youth-exchange\/\">Religions4future &#8211; youth exchange<\/a><div class=\"wp-block-latest-posts__post-excerpt\">Az IniciativAngola szal\u00e9zi lelkis\u00e9g\u0171 ifj\u00fas\u00e1gi egyes\u00fclet 2023 tavasz\u00e1n Ifjus\u00e1gi tal\u00e1lkoz\u00f3t szervez k\u00f6z\u00e9peur\u00f3pai fiatalok sz\u00e1m\u00e1ra vall\u00e1sk\u00f6zi<\/div><\/li>\n<li><div class=\"wp-block-latest-posts__featured-image aligncenter\"><a href=\"https:\/\/salesianmissions.hu\/voluntary\/2023\/02\/13\/mission-possible-mother-earth-youth-exchange\/\" aria-label=\"Mission Possible: Mother Earth &#8211; youth exchange\"><img width=\"300\" height=\"300\" src=\"https:\/\/salesianmissions.hu\/voluntary\/wp-content\/uploads\/2023\/02\/Mother-Earth-e1676254925676-300x300.png\" class=\"attachment-medium size-medium wp-post-image\" alt=\"\" decoding=\"async\" loading=\"lazy\" style=\"\" srcset=\"https:\/\/salesianmissions.hu\/voluntary\/wp-content\/uploads\/2023\/02\/Mother-Earth-e1676254925676-300x300.png 300w, https:\/\/salesianmissions.hu\/voluntary\/wp-content\/uploads\/2023\/02\/Mother-Earth-e1676254925676-150x150.png 150w\" sizes=\"(max-width: 300px) 100vw, 300px\" \/><\/a><\/div><a class=\"wp-block-latest-posts__post-title\" href=\"https:\/\/salesianmissions.hu\/voluntary\/2023\/02\/13\/mission-possible-mother-earth-youth-exchange\/\">Mission Possible: Mother Earth &#8211; youth exchange<\/a><div class=\"wp-block-latest-posts__post-excerpt\">Az IniciativAngola szal\u00e9zi lelkis\u00e9g\u0171 ifj\u00fas\u00e1gi egyes\u00fclet 2023 nyar\u00e1n is Ifjus\u00e1gi tal\u00e1lkoz\u00f3t szervez k\u00f6z\u00e9peur\u00f3pai fiatalok sz\u00e1m\u00e1ra<\/div><\/li>\n<\/ul>\n\n\n<p><\/p>\n","protected":false},"excerpt":{"rendered":"<p>H\u00e1rom mark\u00e1nsan k\u00fcl\u00f6nb\u00f6z\u0151 k\u00fcldet\u00e9sre keres\u00fcnk \u00e9s k\u00e9sz\u00edt\u00fcnk fel Szal\u00e9zi Misszi\u00f3s \u00d6nk\u00e9ntest: Ifjus\u00e1gi tal\u00e1lkoz\u00f3n val\u00f3 r\u00e9szv\u00e9telre h\u00edvunk, ha 15-20 \u00e9ves vagy, sz\u00edvesen kipr\u00f3b\u00e1ln\u00e1d magad nemzetk\u00f6zi k\u00f6zegben,<\/p>\n","protected":false},"author":2,"featured_media":0,"parent":0,"menu_order":0,"comment_status":"closed","ping_status":"closed","template":"","meta":[],"_links":{"self":[{"href":"https:\/\/salesianmissions.hu\/voluntary\/wp-json\/wp\/v2\/pages\/318"}],"collection":[{"href":"https:\/\/salesianmissions.hu\/voluntary\/wp-json\/wp\/v2\/pages"}],"about":[{"href":"https:\/\/salesianmissions.hu\/voluntary\/wp-json\/wp\/v2\/types\/page"}],"author":[{"embeddable":true,"href":"https:\/\/salesianmissions.hu\/voluntary\/wp-json\/wp\/v2\/users\/2"}],"replies":[{"embeddable":true,"href":"https:\/\/salesianmissions.hu\/voluntary\/wp-json\/wp\/v2\/comments?post=318"}],"version-history":[{"count":15,"href":"https:\/\/salesianmissions.hu\/voluntary\/wp-json\/wp\/v2\/pages\/318\/revisions"}],"predecessor-version":[{"id":583,"href":"https:\/\/salesianmissions.hu\/voluntary\/wp-json\/wp\/v2\/pages\/318\/revisions\/583"}],"wp:attachment":[{"href":"https:\/\/salesianmissions.hu\/voluntary\/wp-json\/wp\/v2\/media?parent=318"}],"curies":[{"name":"wp","href":"https:\/\/api.w.org\/{rel}","templated":true}]}}