{"id":469,"date":"2023-02-13T00:51:08","date_gmt":"2023-02-13T00:51:08","guid":{"rendered":"http:\/\/salesianmissions.hu\/voluntary\/?page_id=469"},"modified":"2023-02-14T19:18:09","modified_gmt":"2023-02-14T19:18:09","slug":"ifjusagi-talalkozo","status":"publish","type":"page","link":"https:\/\/salesianmissions.hu\/voluntary\/ifjusagi-talalkozo\/","title":{"rendered":"Ifj\u00fas\u00e1gi Tal\u00e1lkoz\u00f3"},"content":{"rendered":"\n<p><\/p>\n\n\n\n<div class=\"wp-block-media-text alignwide has-media-on-the-right is-stacked-on-mobile\"><div class=\"wp-block-media-text__content\">\n<p>A Szal\u00e9zi Misszi\u00f3s \u00d6nk\u00e9ntesek tev\u00e9kenys\u00e9g\u00e9nek megismer\u00e9s\u00e9hez a fiatalkor\u00fa 15-18 \u00e9ves koroszt\u00e1ly sz\u00e1m\u00e1ra r\u00f6vid, 7-10 napos ifj\u00fas\u00e1gi tal\u00e1lkoz\u00f3kat szervez\u00fcnk, melyek a szal\u00e9zi misszi\u00f3s munk\u00e1hoz kapcsol\u00f3d\u00f3 tematik\u00e1val k\u00f6z\u00f6s gondolkod\u00e1sra, h\u00edvja a fiatalokat, \u00e9s ezzel egy\u00fctt kiv\u00e1l\u00f3 lehet\u0151s\u00e9get ny\u00fajt k\u00fclf\u00f6ldi hasonl\u00f3 gondolkod\u00e1s\u00fa kort\u00e1rsak megismer\u00e9s\u00e9re, az idegen nyelvtud\u00e1s pall\u00e9roz\u00e1s\u00e1ra \u00e9s a saj\u00e1t fiatal feln\u0151tt identit\u00e1s elm\u00e9ly\u00edt\u00e9s\u00e9re is.<\/p>\n<\/div><figure class=\"wp-block-media-text__media\"><img decoding=\"async\" loading=\"lazy\" width=\"650\" height=\"210\" src=\"http:\/\/salesianmissions.hu\/voluntary\/wp-content\/uploads\/2020\/06\/GMS2015_banner_it.jpg\" alt=\"\" class=\"wp-image-32 size-full\"\/><\/figure><\/div>\n\n\n\n<div class=\"is-layout-flow wp-block-group\"><div class=\"wp-block-group__inner-container\">\n<h2>Aktu\u00e1lis Ifj\u00fas\u00e1gi tal\u00e1lkoz\u00f3k:<\/h2>\n<\/div><\/div>\n\n\n\n<p><\/p>\n\n\n<ul class=\"wp-block-latest-posts__list is-grid columns-3 wp-block-latest-posts\"><li><div class=\"wp-block-latest-posts__featured-image\"><a href=\"https:\/\/salesianmissions.hu\/voluntary\/2024\/01\/04\/tavaszi-klagenfurti-tabor\/\" aria-label=\"Gyere te is a Klagenfurti t\u00e1borba id\u00e9n tavasszal!\"><img width=\"300\" height=\"300\" src=\"https:\/\/salesianmissions.hu\/voluntary\/wp-content\/uploads\/2024\/01\/tavasz-klagenfurt-300x300.png\" class=\"attachment-medium size-medium wp-post-image\" alt=\"\" decoding=\"async\" loading=\"lazy\" style=\"\" srcset=\"https:\/\/salesianmissions.hu\/voluntary\/wp-content\/uploads\/2024\/01\/tavasz-klagenfurt-300x300.png 300w, https:\/\/salesianmissions.hu\/voluntary\/wp-content\/uploads\/2024\/01\/tavasz-klagenfurt-150x150.png 150w, https:\/\/salesianmissions.hu\/voluntary\/wp-content\/uploads\/2024\/01\/tavasz-klagenfurt-800x800.png 800w\" sizes=\"(max-width: 300px) 100vw, 300px\" \/><\/a><\/div><a class=\"wp-block-latest-posts__post-title\" href=\"https:\/\/salesianmissions.hu\/voluntary\/2024\/01\/04\/tavaszi-klagenfurti-tabor\/\">Gyere te is a Klagenfurti t\u00e1borba id\u00e9n tavasszal!<\/a><\/li>\n<li><div class=\"wp-block-latest-posts__featured-image\"><a href=\"https:\/\/salesianmissions.hu\/voluntary\/2023\/02\/13\/religions4future-youth-exchange\/\" aria-label=\"Religions4future &#8211; youth exchange\"><img width=\"300\" height=\"300\" src=\"https:\/\/salesianmissions.hu\/voluntary\/wp-content\/uploads\/2023\/02\/Religions-300x300.jpg\" class=\"attachment-medium size-medium wp-post-image\" alt=\"\" decoding=\"async\" loading=\"lazy\" style=\"\" srcset=\"https:\/\/salesianmissions.hu\/voluntary\/wp-content\/uploads\/2023\/02\/Religions-300x300.jpg 300w, https:\/\/salesianmissions.hu\/voluntary\/wp-content\/uploads\/2023\/02\/Religions-150x150.jpg 150w, https:\/\/salesianmissions.hu\/voluntary\/wp-content\/uploads\/2023\/02\/Religions.jpg 324w\" sizes=\"(max-width: 300px) 100vw, 300px\" \/><\/a><\/div><a class=\"wp-block-latest-posts__post-title\" href=\"https:\/\/salesianmissions.hu\/voluntary\/2023\/02\/13\/religions4future-youth-exchange\/\">Religions4future &#8211; youth exchange<\/a><\/li>\n<li><div class=\"wp-block-latest-posts__featured-image\"><a href=\"https:\/\/salesianmissions.hu\/voluntary\/2023\/02\/13\/mission-possible-mother-earth-youth-exchange\/\" aria-label=\"Mission Possible: Mother Earth &#8211; youth exchange\"><img width=\"300\" height=\"300\" src=\"https:\/\/salesianmissions.hu\/voluntary\/wp-content\/uploads\/2023\/02\/Mother-Earth-e1676254925676-300x300.png\" class=\"attachment-medium size-medium wp-post-image\" alt=\"\" decoding=\"async\" loading=\"lazy\" style=\"\" srcset=\"https:\/\/salesianmissions.hu\/voluntary\/wp-content\/uploads\/2023\/02\/Mother-Earth-e1676254925676-300x300.png 300w, https:\/\/salesianmissions.hu\/voluntary\/wp-content\/uploads\/2023\/02\/Mother-Earth-e1676254925676-150x150.png 150w\" sizes=\"(max-width: 300px) 100vw, 300px\" \/><\/a><\/div><a class=\"wp-block-latest-posts__post-title\" href=\"https:\/\/salesianmissions.hu\/voluntary\/2023\/02\/13\/mission-possible-mother-earth-youth-exchange\/\">Mission Possible: Mother Earth &#8211; youth exchange<\/a><\/li>\n<\/ul>\n\n\n<p>Az ifj\u00fas\u00e1gi tal\u00e1lkoz\u00f3kat jellemz\u0151en az Erasmus+ eur\u00f3pai alap t\u00e1mogatja. <\/p>\n","protected":false},"excerpt":{"rendered":"<p>A Szal\u00e9zi Misszi\u00f3s \u00d6nk\u00e9ntesek tev\u00e9kenys\u00e9g\u00e9nek megismer\u00e9s\u00e9hez a fiatalkor\u00fa 15-18 \u00e9ves koroszt\u00e1ly sz\u00e1m\u00e1ra r\u00f6vid, 7-10 napos ifj\u00fas\u00e1gi tal\u00e1lkoz\u00f3kat szervez\u00fcnk, melyek a szal\u00e9zi misszi\u00f3s munk\u00e1hoz kapcsol\u00f3d\u00f3 tematik\u00e1val<\/p>\n","protected":false},"author":2,"featured_media":0,"parent":0,"menu_order":0,"comment_status":"closed","ping_status":"closed","template":"","meta":[],"_links":{"self":[{"href":"https:\/\/salesianmissions.hu\/voluntary\/wp-json\/wp\/v2\/pages\/469"}],"collection":[{"href":"https:\/\/salesianmissions.hu\/voluntary\/wp-json\/wp\/v2\/pages"}],"about":[{"href":"https:\/\/salesianmissions.hu\/voluntary\/wp-json\/wp\/v2\/types\/page"}],"author":[{"embeddable":true,"href":"https:\/\/salesianmissions.hu\/voluntary\/wp-json\/wp\/v2\/users\/2"}],"replies":[{"embeddable":true,"href":"https:\/\/salesianmissions.hu\/voluntary\/wp-json\/wp\/v2\/comments?post=469"}],"version-history":[{"count":8,"href":"https:\/\/salesianmissions.hu\/voluntary\/wp-json\/wp\/v2\/pages\/469\/revisions"}],"predecessor-version":[{"id":546,"href":"https:\/\/salesianmissions.hu\/voluntary\/wp-json\/wp\/v2\/pages\/469\/revisions\/546"}],"wp:attachment":[{"href":"https:\/\/salesianmissions.hu\/voluntary\/wp-json\/wp\/v2\/media?parent=469"}],"curies":[{"name":"wp","href":"https:\/\/api.w.org\/{rel}","templated":true}]}}